{"id":258,"date":"2013-10-10T16:47:07","date_gmt":"2013-10-10T14:47:07","guid":{"rendered":"http:\/\/regenbogenkiga.de\/kiga\/?page_id=258"},"modified":"2018-09-17T14:58:13","modified_gmt":"2018-09-17T12:58:13","slug":"sprache","status":"publish","type":"page","link":"https:\/\/regenbogenkiga.de\/kiga\/unsere-gruppen-2\/sprache\/","title":{"rendered":"Sprachf\u00f6rderung"},"content":{"rendered":"<p><span style=\"color: #000000;\"><b>Sprachf\u00f6rderung<\/b><\/span><\/p>\n<ul>\n<li>Die im Bildungsplan vorgesehene alltags integrierte Sprachf\u00f6rderung ist im Konzept verankert und wird dementsprechend umgesetzt.<\/li>\n<li>F\u00fcr die F\u00f6rderung der allgemeinen Sprachentwicklung (Artikulation, Wortschatz, Sprachverst\u00e4ndnis, Grammatik, Kommunikation) stehen vielf\u00e4ltige Materialien und Methoden zur Verf\u00fcgung.<\/li>\n<li>W\u00fcrzburger Programm f\u00fcr alle Vorschulkinder nach Dr. P.K\u00fcspert und W.Schneider f\u00fcr 5 &#8211; 6j\u00e4hrige Kinder (Phonologische Bewusstheit und LRS- Prophylaxe )<\/li>\n<\/ul>\n<p><strong>Sprachtherapie<\/strong><\/p>\n<ul>\n<li>\u00fcbernimmt ab 01.08.2016 die logop\u00e4dische Praxis B\u00f6nneken, Hamminkeln. Die Behandlung erfolgt ausschlie\u00dflich auf \u00e4rztliche Verordnung f\u00fcr Kinder mit F\u00f6rderbedarf.<\/li>\n<li>findet f\u00fcr unsere F\u00f6rderkinder 1 &#8211; 2 mal w\u00f6chentlich (je nach Rezept) \u00a0statt.<\/li>\n<\/ul>\n","protected":false},"excerpt":{"rendered":"<p>Sprachf\u00f6rderung Die im Bildungsplan vorgesehene alltags integrierte Sprachf\u00f6rderung ist im Konzept verankert und wird dementsprechend umgesetzt. F\u00fcr die F\u00f6rderung der allgemeinen Sprachentwicklung (Artikulation, Wortschatz, Sprachverst\u00e4ndnis, Grammatik, Kommunikation) stehen vielf\u00e4ltige Materialien und Methoden zur Verf\u00fcgung. W\u00fcrzburger Programm f\u00fcr alle Vorschulkinder nach &hellip;<span class=\"more-link\"><a href=\"https:\/\/regenbogenkiga.de\/kiga\/unsere-gruppen-2\/sprache\/\"><span class=\"button\">Continue reading &rarr;<\/span><\/a><\/span><\/p>\n","protected":false},"author":1,"featured_media":0,"parent":11,"menu_order":0,"comment_status":"closed","ping_status":"closed","template":"","meta":{"ngg_post_thumbnail":0,"footnotes":""},"yoast_head":"<!-- This site is optimized with the Yoast SEO plugin v21.3 - https:\/\/yoast.com\/wordpress\/plugins\/seo\/ -->\n<title>Sprachf\u00f6rderung - Regenbogenkindergarten<\/title>\n<meta name=\"robots\" content=\"index, follow, max-snippet:-1, max-image-preview:large, max-video-preview:-1\" \/>\n<link rel=\"canonical\" href=\"https:\/\/regenbogenkiga.de\/kiga\/unsere-gruppen-2\/sprache\/\" \/>\n<meta property=\"og:locale\" content=\"de_DE\" \/>\n<meta property=\"og:type\" content=\"article\" \/>\n<meta property=\"og:title\" content=\"Sprachf\u00f6rderung - Regenbogenkindergarten\" \/>\n<meta property=\"og:description\" content=\"Sprachf\u00f6rderung Die im Bildungsplan vorgesehene alltags integrierte Sprachf\u00f6rderung ist im Konzept verankert und wird dementsprechend umgesetzt. F\u00fcr die F\u00f6rderung der allgemeinen Sprachentwicklung (Artikulation, Wortschatz, Sprachverst\u00e4ndnis, Grammatik, Kommunikation) stehen vielf\u00e4ltige Materialien und Methoden zur Verf\u00fcgung. W\u00fcrzburger Programm f\u00fcr alle Vorschulkinder nach &hellip;Continue reading &rarr;\" \/>\n<meta property=\"og:url\" content=\"https:\/\/regenbogenkiga.de\/kiga\/unsere-gruppen-2\/sprache\/\" \/>\n<meta property=\"og:site_name\" content=\"Regenbogenkindergarten\" \/>\n<meta property=\"article:modified_time\" content=\"2018-09-17T12:58:13+00:00\" \/>\n<meta name=\"twitter:label1\" content=\"Gesch\u00e4tzte Lesezeit\" \/>\n\t<meta name=\"twitter:data1\" content=\"1\u00a0Minute\" \/>\n<script type=\"application\/ld+json\" class=\"yoast-schema-graph\">{\"@context\":\"https:\/\/schema.org\",\"@graph\":[{\"@type\":\"WebPage\",\"@id\":\"https:\/\/regenbogenkiga.de\/kiga\/unsere-gruppen-2\/sprache\/\",\"url\":\"https:\/\/regenbogenkiga.de\/kiga\/unsere-gruppen-2\/sprache\/\",\"name\":\"Sprachf\u00f6rderung - Regenbogenkindergarten\",\"isPartOf\":{\"@id\":\"https:\/\/regenbogenkiga.de\/kiga\/#website\"},\"datePublished\":\"2013-10-10T14:47:07+00:00\",\"dateModified\":\"2018-09-17T12:58:13+00:00\",\"breadcrumb\":{\"@id\":\"https:\/\/regenbogenkiga.de\/kiga\/unsere-gruppen-2\/sprache\/#breadcrumb\"},\"inLanguage\":\"de\",\"potentialAction\":[{\"@type\":\"ReadAction\",\"target\":[\"https:\/\/regenbogenkiga.de\/kiga\/unsere-gruppen-2\/sprache\/\"]}]},{\"@type\":\"BreadcrumbList\",\"@id\":\"https:\/\/regenbogenkiga.de\/kiga\/unsere-gruppen-2\/sprache\/#breadcrumb\",\"itemListElement\":[{\"@type\":\"ListItem\",\"position\":1,\"name\":\"P\u00e4dagogik\",\"item\":\"https:\/\/regenbogenkiga.de\/kiga\/unsere-gruppen-2\/\"},{\"@type\":\"ListItem\",\"position\":2,\"name\":\"Sprachf\u00f6rderung\"}]},{\"@type\":\"WebSite\",\"@id\":\"https:\/\/regenbogenkiga.de\/kiga\/#website\",\"url\":\"https:\/\/regenbogenkiga.de\/kiga\/\",\"name\":\"Regenbogenkindergarten\",\"description\":\"Elterninitiative Kindergarten Regenbogen e.V. -  Hamminkeln\",\"potentialAction\":[{\"@type\":\"SearchAction\",\"target\":{\"@type\":\"EntryPoint\",\"urlTemplate\":\"https:\/\/regenbogenkiga.de\/kiga\/?s={search_term_string}\"},\"query-input\":\"required name=search_term_string\"}],\"inLanguage\":\"de\"}]}<\/script>\n<!-- \/ Yoast SEO plugin. -->","yoast_head_json":{"title":"Sprachf\u00f6rderung - Regenbogenkindergarten","robots":{"index":"index","follow":"follow","max-snippet":"max-snippet:-1","max-image-preview":"max-image-preview:large","max-video-preview":"max-video-preview:-1"},"canonical":"https:\/\/regenbogenkiga.de\/kiga\/unsere-gruppen-2\/sprache\/","og_locale":"de_DE","og_type":"article","og_title":"Sprachf\u00f6rderung - Regenbogenkindergarten","og_description":"Sprachf\u00f6rderung Die im Bildungsplan vorgesehene alltags integrierte Sprachf\u00f6rderung ist im Konzept verankert und wird dementsprechend umgesetzt. F\u00fcr die F\u00f6rderung der allgemeinen Sprachentwicklung (Artikulation, Wortschatz, Sprachverst\u00e4ndnis, Grammatik, Kommunikation) stehen vielf\u00e4ltige Materialien und Methoden zur Verf\u00fcgung. W\u00fcrzburger Programm f\u00fcr alle Vorschulkinder nach &hellip;Continue reading &rarr;","og_url":"https:\/\/regenbogenkiga.de\/kiga\/unsere-gruppen-2\/sprache\/","og_site_name":"Regenbogenkindergarten","article_modified_time":"2018-09-17T12:58:13+00:00","twitter_misc":{"Gesch\u00e4tzte Lesezeit":"1\u00a0Minute"},"schema":{"@context":"https:\/\/schema.org","@graph":[{"@type":"WebPage","@id":"https:\/\/regenbogenkiga.de\/kiga\/unsere-gruppen-2\/sprache\/","url":"https:\/\/regenbogenkiga.de\/kiga\/unsere-gruppen-2\/sprache\/","name":"Sprachf\u00f6rderung - Regenbogenkindergarten","isPartOf":{"@id":"https:\/\/regenbogenkiga.de\/kiga\/#website"},"datePublished":"2013-10-10T14:47:07+00:00","dateModified":"2018-09-17T12:58:13+00:00","breadcrumb":{"@id":"https:\/\/regenbogenkiga.de\/kiga\/unsere-gruppen-2\/sprache\/#breadcrumb"},"inLanguage":"de","potentialAction":[{"@type":"ReadAction","target":["https:\/\/regenbogenkiga.de\/kiga\/unsere-gruppen-2\/sprache\/"]}]},{"@type":"BreadcrumbList","@id":"https:\/\/regenbogenkiga.de\/kiga\/unsere-gruppen-2\/sprache\/#breadcrumb","itemListElement":[{"@type":"ListItem","position":1,"name":"P\u00e4dagogik","item":"https:\/\/regenbogenkiga.de\/kiga\/unsere-gruppen-2\/"},{"@type":"ListItem","position":2,"name":"Sprachf\u00f6rderung"}]},{"@type":"WebSite","@id":"https:\/\/regenbogenkiga.de\/kiga\/#website","url":"https:\/\/regenbogenkiga.de\/kiga\/","name":"Regenbogenkindergarten","description":"Elterninitiative Kindergarten Regenbogen e.V. -  Hamminkeln","potentialAction":[{"@type":"SearchAction","target":{"@type":"EntryPoint","urlTemplate":"https:\/\/regenbogenkiga.de\/kiga\/?s={search_term_string}"},"query-input":"required name=search_term_string"}],"inLanguage":"de"}]}},"_links":{"self":[{"href":"https:\/\/regenbogenkiga.de\/kiga\/wp-json\/wp\/v2\/pages\/258"}],"collection":[{"href":"https:\/\/regenbogenkiga.de\/kiga\/wp-json\/wp\/v2\/pages"}],"about":[{"href":"https:\/\/regenbogenkiga.de\/kiga\/wp-json\/wp\/v2\/types\/page"}],"author":[{"embeddable":true,"href":"https:\/\/regenbogenkiga.de\/kiga\/wp-json\/wp\/v2\/users\/1"}],"replies":[{"embeddable":true,"href":"https:\/\/regenbogenkiga.de\/kiga\/wp-json\/wp\/v2\/comments?post=258"}],"version-history":[{"count":10,"href":"https:\/\/regenbogenkiga.de\/kiga\/wp-json\/wp\/v2\/pages\/258\/revisions"}],"predecessor-version":[{"id":1065,"href":"https:\/\/regenbogenkiga.de\/kiga\/wp-json\/wp\/v2\/pages\/258\/revisions\/1065"}],"up":[{"embeddable":true,"href":"https:\/\/regenbogenkiga.de\/kiga\/wp-json\/wp\/v2\/pages\/11"}],"wp:attachment":[{"href":"https:\/\/regenbogenkiga.de\/kiga\/wp-json\/wp\/v2\/media?parent=258"}],"curies":[{"name":"wp","href":"https:\/\/api.w.org\/{rel}","templated":true}]}}