{"id":256,"date":"2013-10-10T16:46:30","date_gmt":"2013-10-10T14:46:30","guid":{"rendered":"http:\/\/regenbogenkiga.de\/kiga\/?page_id=256"},"modified":"2017-03-07T16:04:42","modified_gmt":"2017-03-07T14:04:42","slug":"integration-inklusion","status":"publish","type":"page","link":"https:\/\/regenbogenkiga.de\/kiga\/unsere-gruppen-2\/integration-inklusion\/","title":{"rendered":"Inklusion"},"content":{"rendered":"<p><strong>Integration &#8211; Inklusion<\/strong><\/p>\n<p>Bis in die 60er Jahre war das gemeinsame Spielen, Lernen und\u00a0Leben von Kindern mit und ohne Behinderung in Kindergarten und Schule undenkbar.<\/p>\n<p>Seit die UN-Behindertenrechtskonvention in Deutschland in Kraft getreten ist, wird anstatt von Integration von Inklusion gesprochen: F\u00fcr die Inklusions-P\u00e4dagogik gibt es keine zwei Gruppen von Kindern, sondern einfach Kinder mit unterschiedlichen Bed\u00fcrfnissen.<\/p>\n<p>Nicht der Mensch mit Behinderung muss sich an die vorhandenen Bedingungen anpassen, um teilhaben zu k\u00f6nnen, vielmehr haben sich die Gesellschaft, Institutionen und Strukturen den Bed\u00fcrfnissen von Menschen mit Behinderung anzupassen.<\/p>\n<p>Der Regenbogenkindergarten arbeitet seit \u00fcber 20 Jahren integrativ und bietet vielen unterschiedlichen Kindern Platz und Raum, sich zu entwickeln.<\/p>\n<p>Durch die gemeinsame Erziehung und Betreuung in einer Gruppe und unter einem Dach schaffen wir die Basis f\u00fcr ein selbstverst\u00e4ndliches Zusammenleben behinderter und nicht behinderter Menschen.<\/p>\n<p>In unserer Einrichtung verbringen alle Kinder den Alltag gemeinsam mit Spiel- und Angebotseinheiten, die auf die Pers\u00f6nlichkeitsentwicklung ausgerichtet sind. Dar\u00fcber hinaus gibt es Phasen, in denen Kinder mit einem besonderen F\u00f6rderbedarf ihre zus\u00e4tzlichen Angebote\/Therapieeinheiten bekommen.<\/p>\n<p><span style=\"font-size: 14px;\">Das Konzept einer gemeinsamen Betreuung st\u00fctzt sich auf die Erfahrung:<\/span><\/p>\n<p><span style=\"font-size: 14px;\"><strong>Alle Kinder k\u00f6nnen\u00a0<\/strong><strong>viel voneinander lernen<\/strong> \u00a0<\/span><\/p>\n<p><span style=\"font-size: 14px;\">Das Zusammenleben wird von ihnen als selbstverst\u00e4ndlich erlebt und Hemmschwellen oder Vorbehalte\u00a0werden\u00a0erst gar nicht aufgebaut .<\/span><\/p>\n<p><span style=\"font-size: 14px;\">Die heilp\u00e4dagogische F\u00f6rderung der Kinder mit Behinderung beinhaltet spezielle F\u00f6rderma\u00dfnahmen, die individuell ausgerichtet sind, wie beispielsweise:<\/span><\/p>\n<ul>\n<li><span style=\"font-size: 14px;\">Entwickeln und F\u00f6rdern der Selbst\u00e4ndigkeit, vor allem f\u00fcr Dinge des t\u00e4glichen Lebens<\/span><\/li>\n<li><span style=\"font-size: 14px;\">F\u00f6rderung der emotionalen, k\u00f6rperlichen und geistigen Entwicklung<\/span><\/li>\n<li><span style=\"font-size: 14px;\">F\u00f6rderung der Konzentration und Ausdauer<\/span><\/li>\n<li><span style=\"font-size: 14px;\">Entwickeln der Antriebskr\u00e4fte (Motivation)<\/span><\/li>\n<li><span style=\"font-size: 14px;\">Entwickeln und F\u00f6rdern des Sozialverhaltens<\/span><\/li>\n<\/ul>\n<p><span style=\"font-size: 16px;\"><br \/>\n<\/span><\/p>\n<p>&nbsp;<\/p>\n<p>&nbsp;<\/p>\n","protected":false},"excerpt":{"rendered":"<p>Integration &#8211; Inklusion Bis in die 60er Jahre war das gemeinsame Spielen, Lernen und\u00a0Leben von Kindern mit und ohne Behinderung in Kindergarten und Schule undenkbar. Seit die UN-Behindertenrechtskonvention in Deutschland in Kraft getreten ist, wird anstatt von Integration von Inklusion &hellip;<span class=\"more-link\"><a href=\"https:\/\/regenbogenkiga.de\/kiga\/unsere-gruppen-2\/integration-inklusion\/\"><span class=\"button\">Continue reading &rarr;<\/span><\/a><\/span><\/p>\n","protected":false},"author":1,"featured_media":0,"parent":11,"menu_order":0,"comment_status":"closed","ping_status":"closed","template":"","meta":{"ngg_post_thumbnail":0,"footnotes":""},"yoast_head":"<!-- This site is optimized with the Yoast SEO plugin v21.3 - https:\/\/yoast.com\/wordpress\/plugins\/seo\/ -->\n<title>Inklusion - Regenbogenkindergarten<\/title>\n<meta name=\"robots\" content=\"index, follow, max-snippet:-1, max-image-preview:large, max-video-preview:-1\" \/>\n<link rel=\"canonical\" href=\"https:\/\/regenbogenkiga.de\/kiga\/unsere-gruppen-2\/integration-inklusion\/\" \/>\n<meta property=\"og:locale\" content=\"de_DE\" \/>\n<meta property=\"og:type\" content=\"article\" \/>\n<meta property=\"og:title\" content=\"Inklusion - Regenbogenkindergarten\" \/>\n<meta property=\"og:description\" content=\"Integration &#8211; Inklusion Bis in die 60er Jahre war das gemeinsame Spielen, Lernen und\u00a0Leben von Kindern mit und ohne Behinderung in Kindergarten und Schule undenkbar. Seit die UN-Behindertenrechtskonvention in Deutschland in Kraft getreten ist, wird anstatt von Integration von Inklusion &hellip;Continue reading &rarr;\" \/>\n<meta property=\"og:url\" content=\"https:\/\/regenbogenkiga.de\/kiga\/unsere-gruppen-2\/integration-inklusion\/\" \/>\n<meta property=\"og:site_name\" content=\"Regenbogenkindergarten\" \/>\n<meta property=\"article:modified_time\" content=\"2017-03-07T14:04:42+00:00\" \/>\n<meta name=\"twitter:label1\" content=\"Gesch\u00e4tzte Lesezeit\" \/>\n\t<meta name=\"twitter:data1\" content=\"1\u00a0Minute\" \/>\n<script type=\"application\/ld+json\" class=\"yoast-schema-graph\">{\"@context\":\"https:\/\/schema.org\",\"@graph\":[{\"@type\":\"WebPage\",\"@id\":\"https:\/\/regenbogenkiga.de\/kiga\/unsere-gruppen-2\/integration-inklusion\/\",\"url\":\"https:\/\/regenbogenkiga.de\/kiga\/unsere-gruppen-2\/integration-inklusion\/\",\"name\":\"Inklusion - Regenbogenkindergarten\",\"isPartOf\":{\"@id\":\"https:\/\/regenbogenkiga.de\/kiga\/#website\"},\"datePublished\":\"2013-10-10T14:46:30+00:00\",\"dateModified\":\"2017-03-07T14:04:42+00:00\",\"breadcrumb\":{\"@id\":\"https:\/\/regenbogenkiga.de\/kiga\/unsere-gruppen-2\/integration-inklusion\/#breadcrumb\"},\"inLanguage\":\"de\",\"potentialAction\":[{\"@type\":\"ReadAction\",\"target\":[\"https:\/\/regenbogenkiga.de\/kiga\/unsere-gruppen-2\/integration-inklusion\/\"]}]},{\"@type\":\"BreadcrumbList\",\"@id\":\"https:\/\/regenbogenkiga.de\/kiga\/unsere-gruppen-2\/integration-inklusion\/#breadcrumb\",\"itemListElement\":[{\"@type\":\"ListItem\",\"position\":1,\"name\":\"P\u00e4dagogik\",\"item\":\"https:\/\/regenbogenkiga.de\/kiga\/unsere-gruppen-2\/\"},{\"@type\":\"ListItem\",\"position\":2,\"name\":\"Inklusion\"}]},{\"@type\":\"WebSite\",\"@id\":\"https:\/\/regenbogenkiga.de\/kiga\/#website\",\"url\":\"https:\/\/regenbogenkiga.de\/kiga\/\",\"name\":\"Regenbogenkindergarten\",\"description\":\"Elterninitiative Kindergarten Regenbogen e.V. -  Hamminkeln\",\"potentialAction\":[{\"@type\":\"SearchAction\",\"target\":{\"@type\":\"EntryPoint\",\"urlTemplate\":\"https:\/\/regenbogenkiga.de\/kiga\/?s={search_term_string}\"},\"query-input\":\"required name=search_term_string\"}],\"inLanguage\":\"de\"}]}<\/script>\n<!-- \/ Yoast SEO plugin. -->","yoast_head_json":{"title":"Inklusion - Regenbogenkindergarten","robots":{"index":"index","follow":"follow","max-snippet":"max-snippet:-1","max-image-preview":"max-image-preview:large","max-video-preview":"max-video-preview:-1"},"canonical":"https:\/\/regenbogenkiga.de\/kiga\/unsere-gruppen-2\/integration-inklusion\/","og_locale":"de_DE","og_type":"article","og_title":"Inklusion - Regenbogenkindergarten","og_description":"Integration &#8211; Inklusion Bis in die 60er Jahre war das gemeinsame Spielen, Lernen und\u00a0Leben von Kindern mit und ohne Behinderung in Kindergarten und Schule undenkbar. Seit die UN-Behindertenrechtskonvention in Deutschland in Kraft getreten ist, wird anstatt von Integration von Inklusion &hellip;Continue reading &rarr;","og_url":"https:\/\/regenbogenkiga.de\/kiga\/unsere-gruppen-2\/integration-inklusion\/","og_site_name":"Regenbogenkindergarten","article_modified_time":"2017-03-07T14:04:42+00:00","twitter_misc":{"Gesch\u00e4tzte Lesezeit":"1\u00a0Minute"},"schema":{"@context":"https:\/\/schema.org","@graph":[{"@type":"WebPage","@id":"https:\/\/regenbogenkiga.de\/kiga\/unsere-gruppen-2\/integration-inklusion\/","url":"https:\/\/regenbogenkiga.de\/kiga\/unsere-gruppen-2\/integration-inklusion\/","name":"Inklusion - Regenbogenkindergarten","isPartOf":{"@id":"https:\/\/regenbogenkiga.de\/kiga\/#website"},"datePublished":"2013-10-10T14:46:30+00:00","dateModified":"2017-03-07T14:04:42+00:00","breadcrumb":{"@id":"https:\/\/regenbogenkiga.de\/kiga\/unsere-gruppen-2\/integration-inklusion\/#breadcrumb"},"inLanguage":"de","potentialAction":[{"@type":"ReadAction","target":["https:\/\/regenbogenkiga.de\/kiga\/unsere-gruppen-2\/integration-inklusion\/"]}]},{"@type":"BreadcrumbList","@id":"https:\/\/regenbogenkiga.de\/kiga\/unsere-gruppen-2\/integration-inklusion\/#breadcrumb","itemListElement":[{"@type":"ListItem","position":1,"name":"P\u00e4dagogik","item":"https:\/\/regenbogenkiga.de\/kiga\/unsere-gruppen-2\/"},{"@type":"ListItem","position":2,"name":"Inklusion"}]},{"@type":"WebSite","@id":"https:\/\/regenbogenkiga.de\/kiga\/#website","url":"https:\/\/regenbogenkiga.de\/kiga\/","name":"Regenbogenkindergarten","description":"Elterninitiative Kindergarten Regenbogen e.V. -  Hamminkeln","potentialAction":[{"@type":"SearchAction","target":{"@type":"EntryPoint","urlTemplate":"https:\/\/regenbogenkiga.de\/kiga\/?s={search_term_string}"},"query-input":"required name=search_term_string"}],"inLanguage":"de"}]}},"_links":{"self":[{"href":"https:\/\/regenbogenkiga.de\/kiga\/wp-json\/wp\/v2\/pages\/256"}],"collection":[{"href":"https:\/\/regenbogenkiga.de\/kiga\/wp-json\/wp\/v2\/pages"}],"about":[{"href":"https:\/\/regenbogenkiga.de\/kiga\/wp-json\/wp\/v2\/types\/page"}],"author":[{"embeddable":true,"href":"https:\/\/regenbogenkiga.de\/kiga\/wp-json\/wp\/v2\/users\/1"}],"replies":[{"embeddable":true,"href":"https:\/\/regenbogenkiga.de\/kiga\/wp-json\/wp\/v2\/comments?post=256"}],"version-history":[{"count":16,"href":"https:\/\/regenbogenkiga.de\/kiga\/wp-json\/wp\/v2\/pages\/256\/revisions"}],"predecessor-version":[{"id":1058,"href":"https:\/\/regenbogenkiga.de\/kiga\/wp-json\/wp\/v2\/pages\/256\/revisions\/1058"}],"up":[{"embeddable":true,"href":"https:\/\/regenbogenkiga.de\/kiga\/wp-json\/wp\/v2\/pages\/11"}],"wp:attachment":[{"href":"https:\/\/regenbogenkiga.de\/kiga\/wp-json\/wp\/v2\/media?parent=256"}],"curies":[{"name":"wp","href":"https:\/\/api.w.org\/{rel}","templated":true}]}}